{"id":47,"date":"2021-09-06T21:33:10","date_gmt":"2021-09-06T19:33:10","guid":{"rendered":"https:\/\/etudedravez.fr\/?page_id=47"},"modified":"2021-10-20T22:22:36","modified_gmt":"2021-10-20T20:22:36","slug":"services","status":"publish","type":"page","link":"https:\/\/etudedravez.fr\/?page_id=47","title":{"rendered":"L\u00e9gislation"},"content":{"rendered":"\n<p>Plusieurs articles ou textes de loi encadre les recherches g\u00e9n\u00e9alogiques en mati\u00e8re successorale et fonci\u00e8re, notamment :<\/p>\n\n\n\n<h2 class=\"wp-block-heading\">Art. 36 de la <a href=\"https:\/\/www.legifrance.gouv.fr\/loda\/article_lc\/LEGIARTI000006284870\" target=\"_blank\" rel=\"noreferrer noopener\">Loi n\u00b0 2006-728 du 23 juin 2006 portant r\u00e9forme des successions et des lib\u00e9ralit\u00e9s<\/a><\/h2>\n\n\n\n<p>Gr\u00e2ce \u00e0 l&rsquo;article 36 relatif \u00e0 la loi du 23 juin 2006 relative aux lib\u00e9ralit\u00e9s et aux successions, le g\u00e9n\u00e9alogiste professionnel a toute latitude pour rechercher les h\u00e9ritiers d&rsquo;une succession ouverte ou d&rsquo;un actif omis d&rsquo;une succession, hors cas de vacance ou d\u00e9sh\u00e9rence, s&rsquo;il est mandat\u00e9 par toute personne ayant un int\u00e9r\u00eat direct et l\u00e9gitime au r\u00e8glement de ladite succession.<\/p>\n\n\n\n<p><\/p>\n\n\n\n<h2 class=\"wp-block-heading\">Article L106 du <a href=\"https:\/\/www.legifrance.gouv.fr\/codes\/article_lc\/LEGIARTI000039280712\" target=\"_blank\" rel=\"noreferrer noopener\">Livre des proc\u00e9dures fiscales<\/a><\/h2>\n\n\n\n<p>L\u2019alin\u00e9a 3 de cet article \u00e9nonce que le g\u00e9n\u00e9alogiste professionnel peut avoir acc\u00e8s \u00e0 des documents fiscaux \u00e9tablis il y a moins de 50 ans (d\u00e9claration de succession notamment) sous couvert d&rsquo;un mandat du notaire dans le cadre de recherches n\u00e9cessaires au r\u00e8glement d&rsquo;une succession.<\/p>\n\n\n\n<p><\/p>\n\n\n\n<h2 class=\"wp-block-heading\">Art. 30 du <a href=\"https:\/\/www.legifrance.gouv.fr\/jorf\/article_jo\/JORFARTI000034635424\" target=\"_blank\" rel=\"noreferrer noopener\">D\u00e9cret n\u00b0 2017-890 du 6 mai 2017 relatif \u00e0 l&rsquo;\u00e9tat civil<\/a><\/h2>\n\n\n\n<p>L&rsquo;alin\u00e9a 5 de cet article permet au g\u00e9n\u00e9alogiste professionnel d&rsquo;obtenir copie int\u00e9grale des actes d&rsquo;\u00e9tat-civil dans le cadre d&rsquo;un mandat d\u00e9livr\u00e9 par toute personne ayant un int\u00e9r\u00eat direct et l\u00e9gitime au r\u00e8glement d&rsquo;une succession et sous couvert d&rsquo;une autorisation aupr\u00e8s du <a rel=\"noreferrer noopener\" href=\"https:\/\/francearchives.fr\/article\/26287441\" target=\"_blank\">Service Interminist\u00e9riel des Archives de France<\/a> (les g\u00e9n\u00e9alogistes de l&rsquo;\u00c9tude ont nomm\u00e9ment cette autorisation).<\/p>\n\n\n\n<p><\/p>\n\n\n\n<h2 class=\"wp-block-heading\">Art. 713 du <a rel=\"noreferrer noopener\" href=\"https:\/\/www.legifrance.gouv.fr\/codes\/article_lc\/LEGIARTI000033034849\/\" target=\"_blank\">Code Civil<\/a><\/h2>\n\n\n\n<p><\/p>\n\n\n\n<p>Les biens dit \u00ab\u00a0sans ma\u00eetre\u00a0\u00bb appartiennent \u00e0 la commune sur le territoire de laquelle ils sont situ\u00e9s.<\/p>\n\n\n\n<p>La qualification de \u00ab\u00a0biens sans ma\u00eetre\u00a0\u00bb est d\u00e9finie notamment par l&rsquo; <a rel=\"noreferrer noopener\" href=\"https:\/\/www.legifrance.gouv.fr\/codes\/article_lc\/LEGIARTI000029596032\" target=\"_blank\">article. L. 1123-1 du Code g\u00e9n\u00e9ral de la propri\u00e9t\u00e9 des publiques<\/a> qui pr\u00e9cise :<\/p>\n\n\n\n<p>1\u00b0 Soit font partie d&rsquo;une succession ouverte depuis plus de trente ans et pour laquelle aucun successible ne s&rsquo;est pr\u00e9sent\u00e9 ;<\/p>\n\n\n\n<p>2\u00b0 Soit sont des immeubles qui n&rsquo;ont pas de propri\u00e9taire connu et pour lesquels depuis plus de trois ans la taxe fonci\u00e8re sur les propri\u00e9t\u00e9s b\u00e2ties n&rsquo;a pas \u00e9t\u00e9 acquitt\u00e9e ou a \u00e9t\u00e9 acquitt\u00e9e par un tiers. Ces dispositions ne font pas obstacle \u00e0 l&rsquo;application des r\u00e8gles de droit civil relatives \u00e0 la prescription ;<\/p>\n\n\n\n<p>3\u00b0 Soit sont des immeubles qui n&rsquo;ont pas de propri\u00e9taire connu, qui ne sont pas assujettis \u00e0 la taxe fonci\u00e8re sur les propri\u00e9t\u00e9s b\u00e2ties et pour lesquels, depuis plus de trois ans, la taxe fonci\u00e8re sur les propri\u00e9t\u00e9s non b\u00e2ties n&rsquo;a pas \u00e9t\u00e9 acquitt\u00e9e ou a \u00e9t\u00e9 acquitt\u00e9e par un tiers. Le pr\u00e9sent 3\u00b0 ne fait pas obstacle \u00e0 l&rsquo;application des r\u00e8gles de droit civil relatives \u00e0 la prescription.<\/p>\n","protected":false},"excerpt":{"rendered":"<p>Plusieurs articles ou textes de loi encadre les recherches g\u00e9n\u00e9alogiques en mati\u00e8re successorale et fonci\u00e8re, notamment : Art. 36 de la Loi n\u00b0 2006-728 du 23 juin 2006 portant r\u00e9forme des successions et des lib\u00e9ralit\u00e9s Gr\u00e2ce \u00e0 l&rsquo;article 36 relatif \u00e0 la loi du 23 juin 2006 relative aux lib\u00e9ralit\u00e9s et aux successions, le g\u00e9n\u00e9alogiste [&hellip;]<\/p>\n","protected":false},"author":1,"featured_media":0,"parent":0,"menu_order":0,"comment_status":"closed","ping_status":"closed","template":"","meta":{"footnotes":""},"class_list":["post-47","page","type-page","status-publish","hentry"],"_links":{"self":[{"href":"https:\/\/etudedravez.fr\/index.php?rest_route=\/wp\/v2\/pages\/47","targetHints":{"allow":["GET"]}}],"collection":[{"href":"https:\/\/etudedravez.fr\/index.php?rest_route=\/wp\/v2\/pages"}],"about":[{"href":"https:\/\/etudedravez.fr\/index.php?rest_route=\/wp\/v2\/types\/page"}],"author":[{"embeddable":true,"href":"https:\/\/etudedravez.fr\/index.php?rest_route=\/wp\/v2\/users\/1"}],"replies":[{"embeddable":true,"href":"https:\/\/etudedravez.fr\/index.php?rest_route=%2Fwp%2Fv2%2Fcomments&post=47"}],"version-history":[{"count":8,"href":"https:\/\/etudedravez.fr\/index.php?rest_route=\/wp\/v2\/pages\/47\/revisions"}],"predecessor-version":[{"id":210,"href":"https:\/\/etudedravez.fr\/index.php?rest_route=\/wp\/v2\/pages\/47\/revisions\/210"}],"wp:attachment":[{"href":"https:\/\/etudedravez.fr\/index.php?rest_route=%2Fwp%2Fv2%2Fmedia&parent=47"}],"curies":[{"name":"wp","href":"https:\/\/api.w.org\/{rel}","templated":true}]}}